{"id":3088,"date":"2024-04-19T12:38:22","date_gmt":"2024-04-19T10:38:22","guid":{"rendered":"https:\/\/oficiantesandalucia.es\/funerailles-civiles-non-religieuses\/"},"modified":"2024-10-09T11:28:53","modified_gmt":"2024-10-09T09:28:53","slug":"funerailles-civiles-non-religieuses","status":"publish","type":"page","link":"https:\/\/oficiantesandalucia.es\/fr\/funerailles-civiles-non-religieuses\/","title":{"rendered":"Fun\u00e9railles civiles non religieuses"},"content":{"rendered":"\n<p>Pour certains, les fun\u00e9railles \u00e9voquent l&#8217;image de la famille du d\u00e9funt v\u00eatue de noir, au son d&#8217;une sombre musique d&#8217;orgue. Mais ce n&#8217;est pas le cas pour tout le monde : certaines personnes ne s&#8217;identifient pas \u00e0 l&#8217;\u00e9glise, n&#8217;ont jamais manifest\u00e9 d&#8217;affection pour elle et envisagent d&#8217;autres options pour leurs fun\u00e9railles. Des options o\u00f9 la famille ou les amis peuvent faire des lectures, o\u00f9 l&#8217;on peut \u00e9couter des chansons pr\u00e9f\u00e9r\u00e9es du d\u00e9funt, des chansons qu&#8217;il a toujours aim\u00e9es, tout cela dirig\u00e9 et selon les souhaits de la famille.<\/p>\n\n<p><br\/>U<strong>ne<\/strong> c\u00e9l\u00e9bration de la vie Bien que beaucoup pr\u00e9f\u00e8rent encore la sombre dignit\u00e9 des fun\u00e9railles traditionnelles, une c\u00e9l\u00e9bration de la vie est une autre fa\u00e7on de dire au revoir \u00e0 un \u00eatre cher, qui refl\u00e8te la joie que cette personne a apport\u00e9e \u00e0 la vie des autres et met l&#8217;accent sur la c\u00e9l\u00e9bration des souvenirs heureux. C&#8217;est une fa\u00e7on de refl\u00e9ter ce qu&#8217;ils \u00e9taient dans la vie et comment ils continueront \u00e0 vivre dans le c\u0153ur de leurs proches.<\/p>\n\n<p>Pour certaines personnes en fin de vie, il est r\u00e9confortant de parler \u00e0 leur famille d&#8217;un &#8220;bel enterrement&#8221; et de la c\u00e9l\u00e9bration de leur vie qui comprendra des souvenirs, des sourires et des larmes.<\/p>\n\n<p>Si la personne d\u00e9c\u00e9d\u00e9e n&#8217;appartenait pas \u00e0 une religion ayant ses propres traditions fun\u00e9raires, une c\u00e9l\u00e9bration de la vie peut \u00eatre un moyen appropri\u00e9 de refl\u00e9ter sa propre philosophie de vie ou son type unique de spiritualit\u00e9.<\/p>\n<div class=\"wp-block-image is-style-ignition-berliner-border-image\">\n<figure class=\"alignleft size-full is-resized\"><img loading=\"lazy\" decoding=\"async\" width=\"275\" height=\"183\" src=\"https:\/\/oficiantesandalucia.es\/wp-content\/uploads\/2024\/04\/Ceremonias-Funerales-civiles-en-Malaga-Granada-Cordoba-Cadiz.jpg\" alt=\"Messe civile de fun&#xE9;railles, c&#xE9;r&#xE9;monie civile de fun&#xE9;railles, c&#xE9;r&#xE9;monie la&#xEF;que de fun&#xE9;railles, Malaga, S&#xE9;ville, Cadix, Grenade, Ja&#xE9;n, Cordoue, humanistes Malaga Marbella Grenade Cadix\" class=\"wp-image-1492\" style=\"width:300px\"\/><\/figure>\n<\/div>\n<p>Pour porter un toast \u00e0 quelqu&#8217;un. Des fun\u00e9railles heureuses sont l&#8217;occasion de donner \u00e0 de nombreuses personnes la possibilit\u00e9 de s&#8217;impliquer et d&#8217;exprimer l&#8217;importance qu&#8217;elles accordaient \u00e0 une personne. Nous pouvons vous aider \u00e0 organiser tous les \u00e9l\u00e9ments qui rendront la c\u00e9l\u00e9bration de la vie de votre proche unique.<\/p>\n\n<p>Cela d\u00e9pendra de la famille, de l&#8217;imm\u00e9diatet\u00e9 de l&#8217;acte, car s&#8217;il s&#8217;agit de quelque chose d&#8217;inattendu et que toute la famille n&#8217;a pas pu arriver \u00e0 temps pour les fun\u00e9railles, une c\u00e9r\u00e9monie peut \u00eatre organis\u00e9e \u00e0 tout moment apr\u00e8s la cr\u00e9mation, o\u00f9 l&#8217;on peut attendre que la famille et les amis de diff\u00e9rentes parties soient pr\u00e9sents et c\u00e9l\u00e9brer la c\u00e9r\u00e9monie principale avec les cendres, avec tous les participants. En revanche, vous pouvez choisir d&#8217;organiser une r\u00e9union intime avec les membres de la famille proche, en contraste avec une c\u00e9r\u00e9monie de cr\u00e9mation plus importante.<\/p>\n\n<p>Il est \u00e9vident que c&#8217;est un moment difficile pour toutes les personnes concern\u00e9es, mais nous sommes l\u00e0 pour le rendre aussi facile que possible et aussi significatif que possible. Cela vient du rituel de la c\u00e9r\u00e9monie, de la connexion avec les personnes, du partage de ce moment d&#8217;adieu et, en fait, si les gens sont impliqu\u00e9s, cela aide la famille dans le processus de deuil, parce qu&#8217;ils expriment encore leur amour pour la personne d\u00e9c\u00e9d\u00e9e.<\/p>\n\n<p><strong>\u00c0 quoi ressemblent ces fun\u00e9railles ?<\/strong><br\/>Si vous \u00eates la personne qui organise les fun\u00e9railles, vous devrez r\u00e9fl\u00e9chir aux \u00e9l\u00e9ments qui auraient \u00e9t\u00e9 les plus importants pour eux. Il convient \u00e9galement de tenir compte des souhaits des autres membres de la famille &#8211; les fun\u00e9railles ne sont pas seulement un adieu, mais une premi\u00e8re \u00e9tape importante dans le processus de <strong>deuil<\/strong>.<\/p>\n\n<p>Votre proche aurait-il voulu que les gens chantent, dansent, fassent du surf ou organisent un barbecue ? Veillez \u00e0 fournir des d\u00e9tails \u00e0 l&#8217;avance, afin que les autres sachent \u00e0 quoi s&#8217;attendre, ce qu&#8217;ils doivent porter ou ce qu&#8217;ils doivent apporter.<\/p>\n<div class=\"wp-block-image is-style-ignition-berliner-border-image\">\n<figure class=\"alignleft size-full is-resized\"><img loading=\"lazy\" decoding=\"async\" width=\"1000\" height=\"748\" src=\"https:\/\/oficiantesandalucia.es\/wp-content\/uploads\/2024\/04\/Sala-funeral-civil-no-religioso-Malaga.jpeg\" alt=\"Messe du d&#xE9;funt, messe civile des fun&#xE9;railles, c&#xE9;r&#xE9;monie la&#xEF;que des fun&#xE9;railles, Malaga, S&#xE9;ville, Cadix, Grenade, Jaen, Cordoue, humanistes, humanistes\" class=\"wp-image-1495\" style=\"width:300px\" srcset=\"https:\/\/oficiantesandalucia.es\/wp-content\/uploads\/2024\/04\/Sala-funeral-civil-no-religioso-Malaga.jpeg 1000w, https:\/\/oficiantesandalucia.es\/wp-content\/uploads\/2024\/04\/Sala-funeral-civil-no-religioso-Malaga-300x224.jpeg 300w, https:\/\/oficiantesandalucia.es\/wp-content\/uploads\/2024\/04\/Sala-funeral-civil-no-religioso-Malaga-768x574.jpeg 768w, https:\/\/oficiantesandalucia.es\/wp-content\/uploads\/2024\/04\/Sala-funeral-civil-no-religioso-Malaga-690x516.jpeg 690w\" sizes=\"auto, (max-width: 1000px) 100vw, 1000px\" \/><\/figure>\n<\/div>\n<p><strong>1.<\/strong><br\/>L<strong>ieux de la<\/strong> c\u00e9r\u00e9monie <strong>fun\u00e9raire<\/strong> Pour l&#8217;organisation de la c\u00e9r\u00e9monie, vous pouvez b\u00e9n\u00e9ficier d&#8217;un lieu mis \u00e0 disposition par votre entreprise de pompes fun\u00e8bres ou d&#8217;une salle dans un h\u00f4tel ou une propri\u00e9t\u00e9. Il se peut qu&#8217;apr\u00e8s avoir organis\u00e9 l&#8217;enterrement ou la cr\u00e9mation, vous pr\u00e9f\u00e9riez que la c\u00e9r\u00e9monie ait lieu dans un endroit ayant une signification particuli\u00e8re.<\/p>\n\n<p>Des fun\u00e9railles alternatives peuvent avoir lieu apr\u00e8s l&#8217;incin\u00e9ration d&#8217;une personne et inclure l&#8217;inhumation ou la dispersion de ses cendres. Si votre proche est un jardinier passionn\u00e9, par exemple, un parc ou un jardin botanique pourrait convenir, o\u00f9 vous pourriez faire en sorte que les personnes en deuil lib\u00e8rent des papillons.<\/p>\n\n<p>Vous pouvez \u00e9galement l&#8217;organiser chez vous, dans une salle communale ou m\u00eame dans un pub. Comme pour tout rassemblement social, n&#8217;importe quel lieu peut convenir, \u00e0 condition qu&#8217;il y ait suffisamment d&#8217;espace pour accueillir la famille et les amis du d\u00e9funt.<\/p>\n<div class=\"wp-block-image is-style-ignition-berliner-border-image\">\n<figure class=\"alignleft\"><img decoding=\"async\" src=\"https:\/\/funeralesciviles.es\/wp-content\/uploads\/2020\/04\/Soltar-palomas-en-un-funeral-f02-300x176.jpg\" alt=\"Fun&#xE9;railles civiles non religieuses Messe, fun&#xE9;railles la&#xEF;ques\" class=\"wp-image-3326\"\/><\/figure>\n<\/div>\n<p><strong>2.<\/strong><br\/>S<strong>e rendre \u00e0 des fun\u00e9railles civiles<\/strong> Ces types de fun\u00e9railles sont g\u00e9n\u00e9ralement moins strictes que les fun\u00e9railles religieuses, mais vous aurez besoin de quelqu&#8217;un pour pr\u00e9sider la c\u00e9r\u00e9monie. Pour ce faire, nos officiants vous guideront tout au long de la proc\u00e9dure et dirigeront la c\u00e9r\u00e9monie au cours de laquelle vous pr\u00e9senterez les autres personnes impliqu\u00e9es. Pour les c\u00e9l\u00e9brations de la vie non religieuses, nos officiants peuvent vous aider \u00e0 cr\u00e9er un ordre de c\u00e9r\u00e9monie qui refl\u00e8te la vie et les go\u00fbts de votre proche.<\/p>\n\n<p><strong>3. <\/strong><br\/>F<strong>aites passer le message <\/strong> Il est utile d&#8217;inclure les d\u00e9tails de la c\u00e9r\u00e9monie fun\u00e9raire dans la notice n\u00e9crologique de votre proche. Bien qu&#8217;il soit inhabituel d&#8217;envoyer des invitations \u00e0 des fun\u00e9railles traditionnelles, vous pouvez inviter des personnes \u00e0 une c\u00e9l\u00e9bration de la vie. Certaines personnes publient les d\u00e9tails de l&#8217;\u00e9v\u00e9nement sur les m\u00e9dias sociaux.<\/p>\n\n<p>Pr\u00e9cisez si vous souhaitez que les gens portent une tenue vestimentaire ou une couleur particuli\u00e8re, s&#8217;ils ont des go\u00fbts particuliers et le type d&#8217;atmosph\u00e8re que vous souhaitez cr\u00e9er en souvenir de cette personne sp\u00e9ciale.<\/p>\n<div class=\"wp-block-image is-style-ignition-berliner-border-image\">\n<figure class=\"alignleft\"><img decoding=\"async\" src=\"https:\/\/funeralesciviles.es\/wp-content\/uploads\/2020\/04\/luces-en-un-funeral-300x169.jpg\" alt=\"Fun&#xE9;railles civiles non religieuses &#xE0; Malaga pour des adieux paisibles &#xE0; la convenance de la famille.\" class=\"wp-image-3189\"\/><\/figure>\n<\/div>\n<p><strong>4.<\/strong><br\/>\u00c9tablir l<strong>&#8216;ordre de la c\u00e9r\u00e9monie L&#8217;ordre de la c\u00e9r\u00e9monie d\u00e9pend enti\u00e8rement des \u00e9l\u00e9ments que vous souhaitez inclure dans la c\u00e9r\u00e9monie. Contrairement \u00e0 la messe religieuse, la c\u00e9r\u00e9monie civile des fun\u00e9railles peut inclure de la musique et des chants, des po\u00e8mes et des discours sur la personne d\u00e9c\u00e9d\u00e9e.<\/strong>  Des fun\u00e9railles alternatives pourraient \u00eatre l&#8217;occasion de jouer votre musique pr\u00e9f\u00e9r\u00e9e ou de faire danser les gens. La c\u00e9l\u00e9bration de la vie peut prendre la forme d&#8217;un d\u00e9fil\u00e9 de motos avec un &#8220;dernier coup&#8221; en son honneur, d&#8217;un l\u00e2cher de colombes ou m\u00eame d&#8217;une c\u00e9r\u00e9monie \u00e0 la mani\u00e8re des Vikings.<\/p>\n\n<p><strong>5. qui prendra la parole lors de la c\u00e9r\u00e9monie ?<\/strong><br\/>Comme pour toutes les fun\u00e9railles, il est souhaitable que plusieurs intervenants, amis ou membres de la famille du d\u00e9funt participent \u00e0 la c\u00e9l\u00e9bration de la vie. Un lieu plus informel pour les fun\u00e9railles pourrait signifier qu&#8217;il y a moins de limites de temps, ce qui donnerait \u00e0 plus de gens l&#8217;occasion de partager les choses qu&#8217;ils aimeraient dire. Il est bon d&#8217;inclure un \u00e9loge fun\u00e8bre qui exprime ses meilleures qualit\u00e9s, les moments forts de sa vie et la fa\u00e7on dont il nous manquera. Des po\u00e8mes, des chansons et m\u00eame des citations pr\u00e9f\u00e9r\u00e9es peuvent ajouter une touche personnelle \u00e0 un service fun\u00e9raire alternatif. Certaines personnes choisissent de laisser un micro ouvert pour que les invit\u00e9s se l\u00e8vent et partagent un souvenir de la personne d\u00e9c\u00e9d\u00e9e.<\/p>\n\n<p><em><strong>Nous pouvons vous conseiller. Contactez-nous sans engagement.<\/strong><\/em><\/p>\n\n<p><strong>T\u00e9l\u00e9phone ou Whats app 699 903 691<\/strong><\/p>\n","protected":false},"excerpt":{"rendered":"<p>Pour certains, les fun\u00e9railles \u00e9voquent l&#8217;image de la famille du d\u00e9funt v\u00eatue de noir, au son d&#8217;une sombre musique d&#8217;orgue. Mais ce n&#8217;est pas le cas pour tout le monde : certaines personnes ne s&#8217;identifient [&hellip;]<\/p>\n","protected":false},"author":1,"featured_media":2910,"parent":0,"menu_order":0,"comment_status":"closed","ping_status":"closed","template":"","meta":{"inline_featured_image":false,"_joinchat":[],"footnotes":""},"class_list":["post-3088","page","type-page","status-publish","has-post-thumbnail","hentry"],"yoast_head":"<!-- This site is optimized with the Yoast SEO plugin v27.5 - https:\/\/yoast.com\/product\/yoast-seo-wordpress\/ -->\n<title>Fun\u00e9railles civiles non religieuses - Oficiantes Andaluc&iacute;a<\/title>\n<meta name=\"description\" content=\"Comme une messe pour les morts ou un enterrement, mais dans ce cas il s&#039;agit d&#039;une c\u00e9r\u00e9monie civile, pas d&#039;un enterrement religieux, la\u00efque : Service \u00e0 Malaga, Grenade, Jaen, S\u00e9ville...\" \/>\n<meta name=\"robots\" content=\"index, follow, max-snippet:-1, max-image-preview:large, max-video-preview:-1\" \/>\n<link rel=\"canonical\" href=\"https:\/\/oficiantesandalucia.es\/fr\/funerailles-civiles-non-religieuses\/\" \/>\n<meta property=\"og:locale\" content=\"fr_FR\" \/>\n<meta property=\"og:type\" content=\"article\" \/>\n<meta property=\"og:title\" content=\"Fun\u00e9railles civiles non religieuses - Oficiantes Andaluc&iacute;a\" \/>\n<meta property=\"og:description\" content=\"Comme une messe pour les morts ou un enterrement, mais dans ce cas il s&#039;agit d&#039;une c\u00e9r\u00e9monie civile, pas d&#039;un enterrement religieux, la\u00efque : Service \u00e0 Malaga, Grenade, Jaen, S\u00e9ville...\" \/>\n<meta property=\"og:url\" content=\"https:\/\/oficiantesandalucia.es\/fr\/funerailles-civiles-non-religieuses\/\" \/>\n<meta property=\"og:site_name\" content=\"Oficiantes Andaluc&iacute;a\" \/>\n<meta property=\"article:modified_time\" content=\"2024-10-09T09:28:53+00:00\" \/>\n<meta property=\"og:image\" content=\"https:\/\/oficiantesandalucia.es\/wp-content\/uploads\/2024\/04\/Ceremonias-Funerales-civiles-en-Malaga-Granada-Cordoba-CadizF02.jpg\" \/>\n\t<meta property=\"og:image:width\" content=\"800\" \/>\n\t<meta property=\"og:image:height\" content=\"534\" \/>\n\t<meta property=\"og:image:type\" content=\"image\/jpeg\" \/>\n<meta name=\"twitter:card\" content=\"summary_large_image\" \/>\n<meta name=\"twitter:label1\" content=\"Dur\u00e9e de lecture estim\u00e9e\" \/>\n\t<meta name=\"twitter:data1\" content=\"6 minutes\" \/>\n<script type=\"application\/ld+json\" class=\"yoast-schema-graph\">{\"@context\":\"https:\\\/\\\/schema.org\",\"@graph\":[{\"@type\":\"WebPage\",\"@id\":\"https:\\\/\\\/oficiantesandalucia.es\\\/fr\\\/funerailles-civiles-non-religieuses\\\/\",\"url\":\"https:\\\/\\\/oficiantesandalucia.es\\\/fr\\\/funerailles-civiles-non-religieuses\\\/\",\"name\":\"Fun\u00e9railles civiles non religieuses - Oficiantes Andaluc&iacute;a\",\"isPartOf\":{\"@id\":\"https:\\\/\\\/oficiantesandalucia.es\\\/fr\\\/#website\"},\"primaryImageOfPage\":{\"@id\":\"https:\\\/\\\/oficiantesandalucia.es\\\/fr\\\/funerailles-civiles-non-religieuses\\\/#primaryimage\"},\"image\":{\"@id\":\"https:\\\/\\\/oficiantesandalucia.es\\\/fr\\\/funerailles-civiles-non-religieuses\\\/#primaryimage\"},\"thumbnailUrl\":\"https:\\\/\\\/oficiantesandalucia.es\\\/wp-content\\\/uploads\\\/2024\\\/04\\\/Ceremonias-Funerales-civiles-en-Malaga-Granada-Cordoba-CadizF02.jpg\",\"datePublished\":\"2024-04-19T10:38:22+00:00\",\"dateModified\":\"2024-10-09T09:28:53+00:00\",\"description\":\"Comme une messe pour les morts ou un enterrement, mais dans ce cas il s'agit d'une c\u00e9r\u00e9monie civile, pas d'un enterrement religieux, la\u00efque : Service \u00e0 Malaga, Grenade, Jaen, S\u00e9ville...\",\"breadcrumb\":{\"@id\":\"https:\\\/\\\/oficiantesandalucia.es\\\/fr\\\/funerailles-civiles-non-religieuses\\\/#breadcrumb\"},\"inLanguage\":\"fr-FR\",\"potentialAction\":[{\"@type\":\"ReadAction\",\"target\":[\"https:\\\/\\\/oficiantesandalucia.es\\\/fr\\\/funerailles-civiles-non-religieuses\\\/\"]}]},{\"@type\":\"ImageObject\",\"inLanguage\":\"fr-FR\",\"@id\":\"https:\\\/\\\/oficiantesandalucia.es\\\/fr\\\/funerailles-civiles-non-religieuses\\\/#primaryimage\",\"url\":\"https:\\\/\\\/oficiantesandalucia.es\\\/wp-content\\\/uploads\\\/2024\\\/04\\\/Ceremonias-Funerales-civiles-en-Malaga-Granada-Cordoba-CadizF02.jpg\",\"contentUrl\":\"https:\\\/\\\/oficiantesandalucia.es\\\/wp-content\\\/uploads\\\/2024\\\/04\\\/Ceremonias-Funerales-civiles-en-Malaga-Granada-Cordoba-CadizF02.jpg\",\"width\":800,\"height\":534,\"caption\":\"Humanist celebrant in Malaga, Sevilla, Cadiz, Granada, Cordoba, Almeria, Madrid\"},{\"@type\":\"BreadcrumbList\",\"@id\":\"https:\\\/\\\/oficiantesandalucia.es\\\/fr\\\/funerailles-civiles-non-religieuses\\\/#breadcrumb\",\"itemListElement\":[{\"@type\":\"ListItem\",\"position\":1,\"name\":\"Portada\",\"item\":\"https:\\\/\\\/oficiantesandalucia.es\\\/fr\\\/\"},{\"@type\":\"ListItem\",\"position\":2,\"name\":\"Fun\u00e9railles civiles non religieuses\"}]},{\"@type\":\"WebSite\",\"@id\":\"https:\\\/\\\/oficiantesandalucia.es\\\/fr\\\/#website\",\"url\":\"https:\\\/\\\/oficiantesandalucia.es\\\/fr\\\/\",\"name\":\"Oficiantes Andaluc\u00eda\",\"description\":\"Ceremonias civiles\",\"publisher\":{\"@id\":\"https:\\\/\\\/oficiantesandalucia.es\\\/fr\\\/#organization\"},\"potentialAction\":[{\"@type\":\"SearchAction\",\"target\":{\"@type\":\"EntryPoint\",\"urlTemplate\":\"https:\\\/\\\/oficiantesandalucia.es\\\/fr\\\/?s={search_term_string}\"},\"query-input\":{\"@type\":\"PropertyValueSpecification\",\"valueRequired\":true,\"valueName\":\"search_term_string\"}}],\"inLanguage\":\"fr-FR\"},{\"@type\":\"Organization\",\"@id\":\"https:\\\/\\\/oficiantesandalucia.es\\\/fr\\\/#organization\",\"name\":\"Oficiantes Andaluc\u00eda\",\"url\":\"https:\\\/\\\/oficiantesandalucia.es\\\/fr\\\/\",\"logo\":{\"@type\":\"ImageObject\",\"inLanguage\":\"fr-FR\",\"@id\":\"https:\\\/\\\/oficiantesandalucia.es\\\/fr\\\/#\\\/schema\\\/logo\\\/image\\\/\",\"url\":\"https:\\\/\\\/oficiantesandalucia.es\\\/wp-content\\\/uploads\\\/2024\\\/01\\\/Sello-oficiantes-Andalucia.png\",\"contentUrl\":\"https:\\\/\\\/oficiantesandalucia.es\\\/wp-content\\\/uploads\\\/2024\\\/01\\\/Sello-oficiantes-Andalucia.png\",\"width\":1246,\"height\":1249,\"caption\":\"Oficiantes Andaluc\u00eda\"},\"image\":{\"@id\":\"https:\\\/\\\/oficiantesandalucia.es\\\/fr\\\/#\\\/schema\\\/logo\\\/image\\\/\"},\"sameAs\":[\"https:\\\/\\\/www.instagram.com\\\/oficiantes_andalucia\"]}]}<\/script>\n<!-- \/ Yoast SEO plugin. -->","yoast_head_json":{"title":"Fun\u00e9railles civiles non religieuses - Oficiantes Andaluc&iacute;a","description":"Comme une messe pour les morts ou un enterrement, mais dans ce cas il s'agit d'une c\u00e9r\u00e9monie civile, pas d'un enterrement religieux, la\u00efque : Service \u00e0 Malaga, Grenade, Jaen, S\u00e9ville...","robots":{"index":"index","follow":"follow","max-snippet":"max-snippet:-1","max-image-preview":"max-image-preview:large","max-video-preview":"max-video-preview:-1"},"canonical":"https:\/\/oficiantesandalucia.es\/fr\/funerailles-civiles-non-religieuses\/","og_locale":"fr_FR","og_type":"article","og_title":"Fun\u00e9railles civiles non religieuses - Oficiantes Andaluc&iacute;a","og_description":"Comme une messe pour les morts ou un enterrement, mais dans ce cas il s'agit d'une c\u00e9r\u00e9monie civile, pas d'un enterrement religieux, la\u00efque : Service \u00e0 Malaga, Grenade, Jaen, S\u00e9ville...","og_url":"https:\/\/oficiantesandalucia.es\/fr\/funerailles-civiles-non-religieuses\/","og_site_name":"Oficiantes Andaluc&iacute;a","article_modified_time":"2024-10-09T09:28:53+00:00","og_image":[{"width":800,"height":534,"url":"https:\/\/oficiantesandalucia.es\/wp-content\/uploads\/2024\/04\/Ceremonias-Funerales-civiles-en-Malaga-Granada-Cordoba-CadizF02.jpg","type":"image\/jpeg"}],"twitter_card":"summary_large_image","twitter_misc":{"Dur\u00e9e de lecture estim\u00e9e":"6 minutes"},"schema":{"@context":"https:\/\/schema.org","@graph":[{"@type":"WebPage","@id":"https:\/\/oficiantesandalucia.es\/fr\/funerailles-civiles-non-religieuses\/","url":"https:\/\/oficiantesandalucia.es\/fr\/funerailles-civiles-non-religieuses\/","name":"Fun\u00e9railles civiles non religieuses - Oficiantes Andaluc&iacute;a","isPartOf":{"@id":"https:\/\/oficiantesandalucia.es\/fr\/#website"},"primaryImageOfPage":{"@id":"https:\/\/oficiantesandalucia.es\/fr\/funerailles-civiles-non-religieuses\/#primaryimage"},"image":{"@id":"https:\/\/oficiantesandalucia.es\/fr\/funerailles-civiles-non-religieuses\/#primaryimage"},"thumbnailUrl":"https:\/\/oficiantesandalucia.es\/wp-content\/uploads\/2024\/04\/Ceremonias-Funerales-civiles-en-Malaga-Granada-Cordoba-CadizF02.jpg","datePublished":"2024-04-19T10:38:22+00:00","dateModified":"2024-10-09T09:28:53+00:00","description":"Comme une messe pour les morts ou un enterrement, mais dans ce cas il s'agit d'une c\u00e9r\u00e9monie civile, pas d'un enterrement religieux, la\u00efque : Service \u00e0 Malaga, Grenade, Jaen, S\u00e9ville...","breadcrumb":{"@id":"https:\/\/oficiantesandalucia.es\/fr\/funerailles-civiles-non-religieuses\/#breadcrumb"},"inLanguage":"fr-FR","potentialAction":[{"@type":"ReadAction","target":["https:\/\/oficiantesandalucia.es\/fr\/funerailles-civiles-non-religieuses\/"]}]},{"@type":"ImageObject","inLanguage":"fr-FR","@id":"https:\/\/oficiantesandalucia.es\/fr\/funerailles-civiles-non-religieuses\/#primaryimage","url":"https:\/\/oficiantesandalucia.es\/wp-content\/uploads\/2024\/04\/Ceremonias-Funerales-civiles-en-Malaga-Granada-Cordoba-CadizF02.jpg","contentUrl":"https:\/\/oficiantesandalucia.es\/wp-content\/uploads\/2024\/04\/Ceremonias-Funerales-civiles-en-Malaga-Granada-Cordoba-CadizF02.jpg","width":800,"height":534,"caption":"Humanist celebrant in Malaga, Sevilla, Cadiz, Granada, Cordoba, Almeria, Madrid"},{"@type":"BreadcrumbList","@id":"https:\/\/oficiantesandalucia.es\/fr\/funerailles-civiles-non-religieuses\/#breadcrumb","itemListElement":[{"@type":"ListItem","position":1,"name":"Portada","item":"https:\/\/oficiantesandalucia.es\/fr\/"},{"@type":"ListItem","position":2,"name":"Fun\u00e9railles civiles non religieuses"}]},{"@type":"WebSite","@id":"https:\/\/oficiantesandalucia.es\/fr\/#website","url":"https:\/\/oficiantesandalucia.es\/fr\/","name":"Oficiantes Andaluc\u00eda","description":"Ceremonias civiles","publisher":{"@id":"https:\/\/oficiantesandalucia.es\/fr\/#organization"},"potentialAction":[{"@type":"SearchAction","target":{"@type":"EntryPoint","urlTemplate":"https:\/\/oficiantesandalucia.es\/fr\/?s={search_term_string}"},"query-input":{"@type":"PropertyValueSpecification","valueRequired":true,"valueName":"search_term_string"}}],"inLanguage":"fr-FR"},{"@type":"Organization","@id":"https:\/\/oficiantesandalucia.es\/fr\/#organization","name":"Oficiantes Andaluc\u00eda","url":"https:\/\/oficiantesandalucia.es\/fr\/","logo":{"@type":"ImageObject","inLanguage":"fr-FR","@id":"https:\/\/oficiantesandalucia.es\/fr\/#\/schema\/logo\/image\/","url":"https:\/\/oficiantesandalucia.es\/wp-content\/uploads\/2024\/01\/Sello-oficiantes-Andalucia.png","contentUrl":"https:\/\/oficiantesandalucia.es\/wp-content\/uploads\/2024\/01\/Sello-oficiantes-Andalucia.png","width":1246,"height":1249,"caption":"Oficiantes Andaluc\u00eda"},"image":{"@id":"https:\/\/oficiantesandalucia.es\/fr\/#\/schema\/logo\/image\/"},"sameAs":["https:\/\/www.instagram.com\/oficiantes_andalucia"]}]}},"_links":{"self":[{"href":"https:\/\/oficiantesandalucia.es\/fr\/wp-json\/wp\/v2\/pages\/3088","targetHints":{"allow":["GET"]}}],"collection":[{"href":"https:\/\/oficiantesandalucia.es\/fr\/wp-json\/wp\/v2\/pages"}],"about":[{"href":"https:\/\/oficiantesandalucia.es\/fr\/wp-json\/wp\/v2\/types\/page"}],"author":[{"embeddable":true,"href":"https:\/\/oficiantesandalucia.es\/fr\/wp-json\/wp\/v2\/users\/1"}],"replies":[{"embeddable":true,"href":"https:\/\/oficiantesandalucia.es\/fr\/wp-json\/wp\/v2\/comments?post=3088"}],"version-history":[{"count":2,"href":"https:\/\/oficiantesandalucia.es\/fr\/wp-json\/wp\/v2\/pages\/3088\/revisions"}],"predecessor-version":[{"id":3726,"href":"https:\/\/oficiantesandalucia.es\/fr\/wp-json\/wp\/v2\/pages\/3088\/revisions\/3726"}],"wp:featuredmedia":[{"embeddable":true,"href":"https:\/\/oficiantesandalucia.es\/fr\/wp-json\/wp\/v2\/media\/2910"}],"wp:attachment":[{"href":"https:\/\/oficiantesandalucia.es\/fr\/wp-json\/wp\/v2\/media?parent=3088"}],"curies":[{"name":"wp","href":"https:\/\/api.w.org\/{rel}","templated":true}]}}